{"id":1058,"date":"2024-05-17T13:27:36","date_gmt":"2024-05-17T11:27:36","guid":{"rendered":"https:\/\/djg-osnabrueck.de\/?post_type=tribe_events&#038;p=1058"},"modified":"2024-05-17T13:27:36","modified_gmt":"2024-05-17T11:27:36","slug":"vortrag-wie-das-deutsche-recht-nach-japan-kam","status":"publish","type":"tribe_events","link":"https:\/\/djg-osnabrueck.de\/?tribe_events=vortrag-wie-das-deutsche-recht-nach-japan-kam","title":{"rendered":"Vortrag: &#8222;Wie das deutsche Recht nach Japan kam&#8220;"},"content":{"rendered":"<p><strong>Einladung zum Vortrag: &#8222;Wie das deutsche Recht nach Japan kam&#8220;<\/strong><\/p>\n<p>Liebe Mitglieder und Freunde der Deutsch-Japanischen Gesellschaft Osnabr\u00fcck!<\/p>\n<p>Wir m\u00f6chten Sie gerne zu dem Vortrag &#8222;Wie das deutsche Recht nach Japan kam&#8220; von Prof. Dr. jur. Heinrich Menkhaus (Lehrstuhl f\u00fcr Deutsches Recht\/ Leiter Institut f\u00fcr Rechtsvergleichung Rechtswissenschaftliche Fakult\u00e4t &amp; Rechtsgraduiertenschule Meiji University, Tokyo, Japan) einladen.<\/p>\n<p>Wann: <strong>Donnerstag, 13. Juni 2024, 18:00-20:00 Uhr<\/strong><\/p>\n<p>Wo: Uni OS, Geb\u00e4ude 15 (Seminarstra\u00dfe 20, gegen\u00fcber Gastst\u00e4tte Balou), Raum 114<\/p>\n<p>Abstract:<\/p>\n<p>Von 1639 bis 1854 verfolgte Japan eine Au\u00dfenpolitik, die als Abschlie\u00dfung bekannt ist. Japaner durften das Land nicht verlassen und Ausl\u00e4nder dasselbe nicht betreten. Als Folge der Kanonenboot-Politik der USA musste dieser Zustand beendet werden. Den USA und anderen Staaten gelang es sog. &#8222;Ungleiche Vertr\u00e4ge&#8220; mit Japan schlie\u00dfen. Ungleich, weil die Souver\u00e4nit\u00e4t Japans als Staat von den Signaturm\u00e4chten nicht in vollem Umfang anerkannt wurde. Japan war deshalb bestrebt, diese Abkommen zu revidieren. Die Voraussetzung war die Einf\u00fchrung eines &#8222;modernen&#8220; Rechtssystems. In diesem Prozess kam dem deutschen Recht eine besondere Rolle zu, die es bis heute innehat.<\/p>\n<p>Veranstalter: Forschungsstelle Japan der Uni Osnabr\u00fcck und Deutsch-Japanische Gesellschaft Osnabr\u00fcck<\/p>\n<p>&nbsp;<\/p>\n<p>\u00dcber eine rege Teilnahme w\u00fcrden wir uns freuen.<\/p>\n","protected":false},"excerpt":{"rendered":"<p>Einladung zum Vortrag: &#8222;Wie das deutsche Recht nach Japan kam&#8220; Liebe Mitglieder und Freunde der Deutsch-Japanischen Gesellschaft Osnabr\u00fcck! Wir m\u00f6chten Sie gerne zu dem Vortrag &#8222;Wie das deutsche Recht nach &hellip;<\/p>\n","protected":false},"author":4,"featured_media":0,"template":"","meta":{"_tribe_events_status":"","_tribe_events_status_reason":"","footnotes":""},"tags":[],"tribe_events_cat":[],"class_list":["post-1058","tribe_events","type-tribe_events","status-publish","hentry"],"_links":{"self":[{"href":"https:\/\/djg-osnabrueck.de\/index.php?rest_route=\/wp\/v2\/tribe_events\/1058","targetHints":{"allow":["GET"]}}],"collection":[{"href":"https:\/\/djg-osnabrueck.de\/index.php?rest_route=\/wp\/v2\/tribe_events"}],"about":[{"href":"https:\/\/djg-osnabrueck.de\/index.php?rest_route=\/wp\/v2\/types\/tribe_events"}],"author":[{"embeddable":true,"href":"https:\/\/djg-osnabrueck.de\/index.php?rest_route=\/wp\/v2\/users\/4"}],"version-history":[{"count":1,"href":"https:\/\/djg-osnabrueck.de\/index.php?rest_route=\/wp\/v2\/tribe_events\/1058\/revisions"}],"predecessor-version":[{"id":1061,"href":"https:\/\/djg-osnabrueck.de\/index.php?rest_route=\/wp\/v2\/tribe_events\/1058\/revisions\/1061"}],"wp:attachment":[{"href":"https:\/\/djg-osnabrueck.de\/index.php?rest_route=%2Fwp%2Fv2%2Fmedia&parent=1058"}],"wp:term":[{"taxonomy":"post_tag","embeddable":true,"href":"https:\/\/djg-osnabrueck.de\/index.php?rest_route=%2Fwp%2Fv2%2Ftags&post=1058"},{"taxonomy":"tribe_events_cat","embeddable":true,"href":"https:\/\/djg-osnabrueck.de\/index.php?rest_route=%2Fwp%2Fv2%2Ftribe_events_cat&post=1058"}],"curies":[{"name":"wp","href":"https:\/\/api.w.org\/{rel}","templated":true}]}}