{"id":704,"date":"2020-01-31T10:24:27","date_gmt":"2020-01-31T09:24:27","guid":{"rendered":"http:\/\/djg-osnabrueck.de\/?post_type=tribe_events&#038;p=704"},"modified":"2020-04-28T10:43:35","modified_gmt":"2020-04-28T08:43:35","slug":"japan-tag-in-duesseldorf-2","status":"publish","type":"tribe_events","link":"https:\/\/djg-osnabrueck.de\/?tribe_events=japan-tag-in-duesseldorf-2","title":{"rendered":"F\u00e4llt aus: Japan-Tag D\u00fcsseldorf\/NRW 2020"},"content":{"rendered":"<p class=\"csc-firstHeader\">Der diesj\u00e4hrige Japan-Tag D\u00fcsseldorf\/NRW mit dem Japanischen Feuerwerk \u00fcber dem Rhein kann nicht wie geplant am 16. Mai stattfinden. Stadt, Land und Japanische Gemeinde haben vor dem Hintergrund der Ausbreitung des Coronavirus das Freundschaftsfest mit Bedauern abgesagt. Die derzeitigen beh\u00f6rdlichen Auflagen erlauben eine Durchf\u00fchrung nicht. Der Japan-Tag D\u00fcsseldorf\/NRW 2020 f\u00e4llt somit leider aus, einen Nachholtermin in diesem Jahr wird es nicht geben. Der n\u00e4chste Japan-Tag D\u00fcsseldorf\/NRW ist am 29. Mai 2021 geplant.<\/p>\n<p><a href=\"http:\/\/www.japantag-duesseldorf-nrw.de\">http:\/\/www.japantag-duesseldorf-nrw.de<\/a><\/p>\n","protected":false},"excerpt":{"rendered":"<p>Der diesj\u00e4hrige Japan-Tag D\u00fcsseldorf\/NRW mit dem Japanischen Feuerwerk \u00fcber dem Rhein kann nicht wie geplant am 16. Mai stattfinden. Stadt, Land und Japanische Gemeinde haben vor dem Hintergrund der Ausbreitung &hellip;<\/p>\n","protected":false},"author":4,"featured_media":0,"template":"","meta":{"_tribe_events_status":"","_tribe_events_status_reason":"","footnotes":""},"tags":[],"tribe_events_cat":[],"class_list":["post-704","tribe_events","type-tribe_events","status-publish","hentry"],"_links":{"self":[{"href":"https:\/\/djg-osnabrueck.de\/index.php?rest_route=\/wp\/v2\/tribe_events\/704","targetHints":{"allow":["GET"]}}],"collection":[{"href":"https:\/\/djg-osnabrueck.de\/index.php?rest_route=\/wp\/v2\/tribe_events"}],"about":[{"href":"https:\/\/djg-osnabrueck.de\/index.php?rest_route=\/wp\/v2\/types\/tribe_events"}],"author":[{"embeddable":true,"href":"https:\/\/djg-osnabrueck.de\/index.php?rest_route=\/wp\/v2\/users\/4"}],"version-history":[{"count":5,"href":"https:\/\/djg-osnabrueck.de\/index.php?rest_route=\/wp\/v2\/tribe_events\/704\/revisions"}],"predecessor-version":[{"id":735,"href":"https:\/\/djg-osnabrueck.de\/index.php?rest_route=\/wp\/v2\/tribe_events\/704\/revisions\/735"}],"wp:attachment":[{"href":"https:\/\/djg-osnabrueck.de\/index.php?rest_route=%2Fwp%2Fv2%2Fmedia&parent=704"}],"wp:term":[{"taxonomy":"post_tag","embeddable":true,"href":"https:\/\/djg-osnabrueck.de\/index.php?rest_route=%2Fwp%2Fv2%2Ftags&post=704"},{"taxonomy":"tribe_events_cat","embeddable":true,"href":"https:\/\/djg-osnabrueck.de\/index.php?rest_route=%2Fwp%2Fv2%2Ftribe_events_cat&post=704"}],"curies":[{"name":"wp","href":"https:\/\/api.w.org\/{rel}","templated":true}]}}