{"id":847,"date":"2022-05-06T16:30:16","date_gmt":"2022-05-06T14:30:16","guid":{"rendered":"https:\/\/djg-osnabrueck.de\/?post_type=tribe_events&#038;p=847"},"modified":"2022-05-06T16:30:16","modified_gmt":"2022-05-06T14:30:16","slug":"japan-tag-duesseldorf","status":"publish","type":"tribe_events","link":"https:\/\/djg-osnabrueck.de\/?tribe_events=japan-tag-duesseldorf","title":{"rendered":"Japan-Tag D\u00fcsseldorf"},"content":{"rendered":"<p>Ist das wirklich D\u00fcsseldorf? Am Japan-Tag verwandelt sich die Landeshauptstadt von Nordrhein-Westfalen in eine Kulisse f\u00fcr japanische Kultur und Lebensart. Die Japanische Gemeinde in D\u00fcsseldorf ist mit rund 7000 japanischen Mitb\u00fcrgern nach London und Paris die drittgr\u00f6\u00dfte Europas. Einmal im Jahr feiert die Stadt ein gro\u00dfes Fest zu Ehren der Deutsch-Japanischen Freundschaft. Am Japan-Tag kommen jedes Jahr Hunderttausende Besucherinnen und Besucher zu dem Kulturfest am Rhein, das sich durch ein vielf\u00e4ltiges Programm mit B\u00fchnenshows und Mitmach-Aktionen auszeichnet. So wird zum Beispiel die Rheinuferpromenade in eine Flaniermeile der japanischen Kultur und Lebensart verwandelt.<\/p>\n<p>Mehr als 400 Mitwirkende pr\u00e4sentieren allein auf der Hauptb\u00fchne am Burgplatz ein etwa neunst\u00fcndiges B\u00fchnenprogramm. Info- und Demonstrationsst\u00e4nde zwischen Burgplatz und Landtag erm\u00f6glichen es Besuchenden, sich in Kalligrafie zu \u00fcben, die Geheimnisse des Go-Spiels n\u00e4her kennenzulernen oder an Manga-Zeichnen-Workshops und Kimono-Anproben teilzunehmen. Kostproben der japanischen K\u00fcche und des traditionellen Sake gibt es auch.<\/p>\n<p>Zum Abschluss des Japan-Tages wird jedes Jahr ein japanisches Themenfeuerwerk gez\u00fcndet. Es ist das gr\u00f6\u00dfte japanische Feuerwerk au\u00dferhalb Japans. In diesem Jahr wird das Feuerwerk unter dem Motto \u201cMiteinander f\u00fcr Frieden und Freundschaft\u201d stehen.<\/p>\n<p>Nachdem der Japan-Tag in D\u00fcsseldorf wegen der Corona-Pandemie zweimal ausgefallen ist, steht nun der Termin f\u00fcr 2022 \u2013 der Japan-Tag findet am <strong>21. Mai 2022<\/strong> statt.<\/p>\n<p>Alle Infos zum Japan-Tag und den Veranstaltungen finden Sie <a href=\"https:\/\/clt979839.bmetrack.com\/c\/l?u=DC97249&amp;e=1449D28&amp;c=EF37F&amp;t=0&amp;l=761CF23&amp;email=SaSuKdfRQ5%2FhXmrsn9y4hkMuvQ91cPiNNyIeD9VsXLU%3D&amp;seq=2\">hier auf der Website<\/a><\/p>\n","protected":false},"excerpt":{"rendered":"<p>Ist das wirklich D\u00fcsseldorf? Am Japan-Tag verwandelt sich die Landeshauptstadt von Nordrhein-Westfalen in eine Kulisse f\u00fcr japanische Kultur und Lebensart. Die Japanische Gemeinde in D\u00fcsseldorf ist mit rund 7000 japanischen &hellip;<\/p>\n","protected":false},"author":5,"featured_media":0,"template":"","meta":{"_tribe_events_status":"","_tribe_events_status_reason":"","footnotes":""},"tags":[],"tribe_events_cat":[],"class_list":["post-847","tribe_events","type-tribe_events","status-publish","hentry"],"_links":{"self":[{"href":"https:\/\/djg-osnabrueck.de\/index.php?rest_route=\/wp\/v2\/tribe_events\/847","targetHints":{"allow":["GET"]}}],"collection":[{"href":"https:\/\/djg-osnabrueck.de\/index.php?rest_route=\/wp\/v2\/tribe_events"}],"about":[{"href":"https:\/\/djg-osnabrueck.de\/index.php?rest_route=\/wp\/v2\/types\/tribe_events"}],"author":[{"embeddable":true,"href":"https:\/\/djg-osnabrueck.de\/index.php?rest_route=\/wp\/v2\/users\/5"}],"version-history":[{"count":1,"href":"https:\/\/djg-osnabrueck.de\/index.php?rest_route=\/wp\/v2\/tribe_events\/847\/revisions"}],"predecessor-version":[{"id":848,"href":"https:\/\/djg-osnabrueck.de\/index.php?rest_route=\/wp\/v2\/tribe_events\/847\/revisions\/848"}],"wp:attachment":[{"href":"https:\/\/djg-osnabrueck.de\/index.php?rest_route=%2Fwp%2Fv2%2Fmedia&parent=847"}],"wp:term":[{"taxonomy":"post_tag","embeddable":true,"href":"https:\/\/djg-osnabrueck.de\/index.php?rest_route=%2Fwp%2Fv2%2Ftags&post=847"},{"taxonomy":"tribe_events_cat","embeddable":true,"href":"https:\/\/djg-osnabrueck.de\/index.php?rest_route=%2Fwp%2Fv2%2Ftribe_events_cat&post=847"}],"curies":[{"name":"wp","href":"https:\/\/api.w.org\/{rel}","templated":true}]}}